{"id":25,"date":"2026-04-22T11:34:02","date_gmt":"2026-04-22T11:34:02","guid":{"rendered":"https:\/\/2026sitedev.kimmokaivantofoundation.com\/?page_id=25"},"modified":"2026-04-22T11:34:02","modified_gmt":"2026-04-22T11:34:02","slug":"maalauksia","status":"publish","type":"page","link":"https:\/\/2026sitedev.kimmokaivantofoundation.com\/?page_id=25","title":{"rendered":"Maalauksia"},"content":{"rendered":"\n<div class=\"wp-block-columns is-layout-flex wp-container-core-columns-is-layout-28f84493 wp-block-columns-is-layout-flex\">\n<div class=\"wp-block-column is-layout-flow wp-block-column-is-layout-flow\" style=\"flex-basis:100%\">\n<figure class=\"wp-block-gallery has-nested-images columns-default is-cropped wp-block-gallery-1 is-layout-flex wp-block-gallery-is-layout-flex\">\n<figure class=\"wp-block-image size-large\"><img loading=\"lazy\" decoding=\"async\" width=\"532\" height=\"736\" data-id=\"30\" src=\"https:\/\/2026sitedev.kimmokaivantofoundation.com\/wp-content\/uploads\/2026\/04\/Puumerkki-1999-guassi-rasvaliitu-ja-akryyli-kartongille-69-x-49-cm.-Yksityiskokoelma.-Kuva-Seppo-Hilpo-.jpg\" alt=\"\" class=\"wp-image-30\" srcset=\"https:\/\/2026sitedev.kimmokaivantofoundation.com\/wp-content\/uploads\/2026\/04\/Puumerkki-1999-guassi-rasvaliitu-ja-akryyli-kartongille-69-x-49-cm.-Yksityiskokoelma.-Kuva-Seppo-Hilpo-.jpg 532w, https:\/\/2026sitedev.kimmokaivantofoundation.com\/wp-content\/uploads\/2026\/04\/Puumerkki-1999-guassi-rasvaliitu-ja-akryyli-kartongille-69-x-49-cm.-Yksityiskokoelma.-Kuva-Seppo-Hilpo--217x300.jpg 217w\" sizes=\"auto, (max-width: 532px) 100vw, 532px\" \/><\/figure>\n\n\n\n<figure class=\"wp-block-image size-large\"><img loading=\"lazy\" decoding=\"async\" width=\"520\" height=\"736\" data-id=\"35\" src=\"https:\/\/2026sitedev.kimmokaivantofoundation.com\/wp-content\/uploads\/2026\/04\/Kuhmo-\u2013-Venetsia-1999-kollaasi-138-x-98-cm.-Yksityiskokoelma.jpg\" alt=\"\" class=\"wp-image-35\" srcset=\"https:\/\/2026sitedev.kimmokaivantofoundation.com\/wp-content\/uploads\/2026\/04\/Kuhmo-\u2013-Venetsia-1999-kollaasi-138-x-98-cm.-Yksityiskokoelma.jpg 520w, https:\/\/2026sitedev.kimmokaivantofoundation.com\/wp-content\/uploads\/2026\/04\/Kuhmo-\u2013-Venetsia-1999-kollaasi-138-x-98-cm.-Yksityiskokoelma-212x300.jpg 212w\" sizes=\"auto, (max-width: 520px) 100vw, 520px\" \/><\/figure>\n\n\n\n<figure class=\"wp-block-image size-large\"><img loading=\"lazy\" decoding=\"async\" width=\"1024\" height=\"680\" data-id=\"37\" src=\"https:\/\/2026sitedev.kimmokaivantofoundation.com\/wp-content\/uploads\/2026\/04\/The-Rainbow-Ascot-1992-akryyli-152-x-251.-Kimmo-Kaivanto-saatio.-Kuva-Lasse-Koivunen--1024x680.jpg\" alt=\"\" class=\"wp-image-37\" srcset=\"https:\/\/2026sitedev.kimmokaivantofoundation.com\/wp-content\/uploads\/2026\/04\/The-Rainbow-Ascot-1992-akryyli-152-x-251.-Kimmo-Kaivanto-saatio.-Kuva-Lasse-Koivunen--1024x680.jpg 1024w, https:\/\/2026sitedev.kimmokaivantofoundation.com\/wp-content\/uploads\/2026\/04\/The-Rainbow-Ascot-1992-akryyli-152-x-251.-Kimmo-Kaivanto-saatio.-Kuva-Lasse-Koivunen--300x199.jpg 300w, https:\/\/2026sitedev.kimmokaivantofoundation.com\/wp-content\/uploads\/2026\/04\/The-Rainbow-Ascot-1992-akryyli-152-x-251.-Kimmo-Kaivanto-saatio.-Kuva-Lasse-Koivunen--768x510.jpg 768w, https:\/\/2026sitedev.kimmokaivantofoundation.com\/wp-content\/uploads\/2026\/04\/The-Rainbow-Ascot-1992-akryyli-152-x-251.-Kimmo-Kaivanto-saatio.-Kuva-Lasse-Koivunen-.jpg 1108w\" sizes=\"auto, (max-width: 1024px) 100vw, 1024px\" \/><\/figure>\n\n\n\n<figure class=\"wp-block-image size-large\"><img loading=\"lazy\" decoding=\"async\" width=\"581\" height=\"736\" data-id=\"41\" src=\"https:\/\/2026sitedev.kimmokaivantofoundation.com\/wp-content\/uploads\/2026\/04\/Hymyile-runoilija-Kunnianosoitus-Pentti-Saarikoskelle-1991-akryyli-183-x-143-cm.-Kimmo-Kaivanto-saatio.-Kuva-Lasse-Koivunen-.jpg\" alt=\"\" class=\"wp-image-41\" srcset=\"https:\/\/2026sitedev.kimmokaivantofoundation.com\/wp-content\/uploads\/2026\/04\/Hymyile-runoilija-Kunnianosoitus-Pentti-Saarikoskelle-1991-akryyli-183-x-143-cm.-Kimmo-Kaivanto-saatio.-Kuva-Lasse-Koivunen-.jpg 581w, https:\/\/2026sitedev.kimmokaivantofoundation.com\/wp-content\/uploads\/2026\/04\/Hymyile-runoilija-Kunnianosoitus-Pentti-Saarikoskelle-1991-akryyli-183-x-143-cm.-Kimmo-Kaivanto-saatio.-Kuva-Lasse-Koivunen--237x300.jpg 237w\" sizes=\"auto, (max-width: 581px) 100vw, 581px\" \/><\/figure>\n\n\n\n<figure class=\"wp-block-image size-large\"><img loading=\"lazy\" decoding=\"async\" width=\"503\" height=\"736\" data-id=\"29\" src=\"https:\/\/2026sitedev.kimmokaivantofoundation.com\/wp-content\/uploads\/2026\/04\/Pyha-Sebastian-II-1988-akryyli-194-x-107-cm.-Sara-Hildenin-saatio-Sara-Hildenin-museo.-Kuva-Lasse-Koivunen-.jpg\" alt=\"\" class=\"wp-image-29\" srcset=\"https:\/\/2026sitedev.kimmokaivantofoundation.com\/wp-content\/uploads\/2026\/04\/Pyha-Sebastian-II-1988-akryyli-194-x-107-cm.-Sara-Hildenin-saatio-Sara-Hildenin-museo.-Kuva-Lasse-Koivunen-.jpg 503w, https:\/\/2026sitedev.kimmokaivantofoundation.com\/wp-content\/uploads\/2026\/04\/Pyha-Sebastian-II-1988-akryyli-194-x-107-cm.-Sara-Hildenin-saatio-Sara-Hildenin-museo.-Kuva-Lasse-Koivunen--205x300.jpg 205w\" sizes=\"auto, (max-width: 503px) 100vw, 503px\" \/><\/figure>\n\n\n\n<figure class=\"wp-block-image size-large\"><img loading=\"lazy\" decoding=\"async\" width=\"542\" height=\"736\" data-id=\"31\" src=\"https:\/\/2026sitedev.kimmokaivantofoundation.com\/wp-content\/uploads\/2026\/04\/Tunnustus-1988-kollaasi-164-x-164-cm.-Yksityiskokoelma.-Kuva-Lasse-Koivunen.jpg\" alt=\"\" class=\"wp-image-31\" srcset=\"https:\/\/2026sitedev.kimmokaivantofoundation.com\/wp-content\/uploads\/2026\/04\/Tunnustus-1988-kollaasi-164-x-164-cm.-Yksityiskokoelma.-Kuva-Lasse-Koivunen.jpg 542w, https:\/\/2026sitedev.kimmokaivantofoundation.com\/wp-content\/uploads\/2026\/04\/Tunnustus-1988-kollaasi-164-x-164-cm.-Yksityiskokoelma.-Kuva-Lasse-Koivunen-221x300.jpg 221w\" sizes=\"auto, (max-width: 542px) 100vw, 542px\" \/><\/figure>\n\n\n\n<figure class=\"wp-block-image size-large\"><img loading=\"lazy\" decoding=\"async\" width=\"567\" height=\"736\" data-id=\"34\" src=\"https:\/\/2026sitedev.kimmokaivantofoundation.com\/wp-content\/uploads\/2026\/04\/Siipirikko-1981-guassi-75-x-55-cm.-Kimmo-Kaivanto-saatio.-Kuva-Lasse-Koivunen-.jpg\" alt=\"\" class=\"wp-image-34\" srcset=\"https:\/\/2026sitedev.kimmokaivantofoundation.com\/wp-content\/uploads\/2026\/04\/Siipirikko-1981-guassi-75-x-55-cm.-Kimmo-Kaivanto-saatio.-Kuva-Lasse-Koivunen-.jpg 567w, https:\/\/2026sitedev.kimmokaivantofoundation.com\/wp-content\/uploads\/2026\/04\/Siipirikko-1981-guassi-75-x-55-cm.-Kimmo-Kaivanto-saatio.-Kuva-Lasse-Koivunen--231x300.jpg 231w\" sizes=\"auto, (max-width: 567px) 100vw, 567px\" \/><\/figure>\n\n\n\n<figure class=\"wp-block-image size-large\"><img loading=\"lazy\" decoding=\"async\" width=\"582\" height=\"736\" data-id=\"33\" src=\"https:\/\/2026sitedev.kimmokaivantofoundation.com\/wp-content\/uploads\/2026\/04\/Jengi-B-1981-guassi-73-x-53-cm.-Kimmo-Kaivanto-saatio.-Kuva-Lasse-Koivunen.jpg\" alt=\"\" class=\"wp-image-33\" srcset=\"https:\/\/2026sitedev.kimmokaivantofoundation.com\/wp-content\/uploads\/2026\/04\/Jengi-B-1981-guassi-73-x-53-cm.-Kimmo-Kaivanto-saatio.-Kuva-Lasse-Koivunen.jpg 582w, https:\/\/2026sitedev.kimmokaivantofoundation.com\/wp-content\/uploads\/2026\/04\/Jengi-B-1981-guassi-73-x-53-cm.-Kimmo-Kaivanto-saatio.-Kuva-Lasse-Koivunen-237x300.jpg 237w\" sizes=\"auto, (max-width: 582px) 100vw, 582px\" \/><\/figure>\n\n\n\n<figure class=\"wp-block-image size-large\"><img loading=\"lazy\" decoding=\"async\" width=\"533\" height=\"736\" data-id=\"40\" src=\"https:\/\/2026sitedev.kimmokaivantofoundation.com\/wp-content\/uploads\/2026\/04\/Jengi-C-1981-guassi-74-x-54-cm.-Kansallisgalleria-Ateneumin-taidemuseo.-Kuva-Lasse-Koivunen-.jpg\" alt=\"\" class=\"wp-image-40\" srcset=\"https:\/\/2026sitedev.kimmokaivantofoundation.com\/wp-content\/uploads\/2026\/04\/Jengi-C-1981-guassi-74-x-54-cm.-Kansallisgalleria-Ateneumin-taidemuseo.-Kuva-Lasse-Koivunen-.jpg 533w, https:\/\/2026sitedev.kimmokaivantofoundation.com\/wp-content\/uploads\/2026\/04\/Jengi-C-1981-guassi-74-x-54-cm.-Kansallisgalleria-Ateneumin-taidemuseo.-Kuva-Lasse-Koivunen--217x300.jpg 217w\" sizes=\"auto, (max-width: 533px) 100vw, 533px\" \/><\/figure>\n\n\n\n<figure class=\"wp-block-image size-large\"><img loading=\"lazy\" decoding=\"async\" width=\"768\" height=\"736\" data-id=\"36\" src=\"https:\/\/2026sitedev.kimmokaivantofoundation.com\/wp-content\/uploads\/2026\/04\/Mielikuvia-arkkusaaressa-24.\u201329.6.1974-sekatekniikka-105-x-121-cm.-Kimmo-Kaivanto-saatio.-Kuva-Jussi-Koivunen.jpg\" alt=\"\" class=\"wp-image-36\" srcset=\"https:\/\/2026sitedev.kimmokaivantofoundation.com\/wp-content\/uploads\/2026\/04\/Mielikuvia-arkkusaaressa-24.\u201329.6.1974-sekatekniikka-105-x-121-cm.-Kimmo-Kaivanto-saatio.-Kuva-Jussi-Koivunen.jpg 768w, https:\/\/2026sitedev.kimmokaivantofoundation.com\/wp-content\/uploads\/2026\/04\/Mielikuvia-arkkusaaressa-24.\u201329.6.1974-sekatekniikka-105-x-121-cm.-Kimmo-Kaivanto-saatio.-Kuva-Jussi-Koivunen-300x288.jpg 300w\" sizes=\"auto, (max-width: 768px) 100vw, 768px\" \/><\/figure>\n\n\n\n<figure class=\"wp-block-image size-large\"><img loading=\"lazy\" decoding=\"async\" width=\"592\" height=\"736\" data-id=\"32\" src=\"https:\/\/2026sitedev.kimmokaivantofoundation.com\/wp-content\/uploads\/2026\/04\/Oranssin-lahtolaskenta-1974-oljy-104-x-84-cm.-Kansallisgalleria-Ateneumin-taidemuseo.-Kuva-Lasse-Koivunen.jpg\" alt=\"\" class=\"wp-image-32\" srcset=\"https:\/\/2026sitedev.kimmokaivantofoundation.com\/wp-content\/uploads\/2026\/04\/Oranssin-lahtolaskenta-1974-oljy-104-x-84-cm.-Kansallisgalleria-Ateneumin-taidemuseo.-Kuva-Lasse-Koivunen.jpg 592w, https:\/\/2026sitedev.kimmokaivantofoundation.com\/wp-content\/uploads\/2026\/04\/Oranssin-lahtolaskenta-1974-oljy-104-x-84-cm.-Kansallisgalleria-Ateneumin-taidemuseo.-Kuva-Lasse-Koivunen-241x300.jpg 241w\" sizes=\"auto, (max-width: 592px) 100vw, 592px\" \/><\/figure>\n\n\n\n<figure class=\"wp-block-image size-large\"><img loading=\"lazy\" decoding=\"async\" width=\"786\" height=\"736\" data-id=\"28\" src=\"https:\/\/2026sitedev.kimmokaivantofoundation.com\/wp-content\/uploads\/2026\/04\/Taistelevat-metsot-1974-oljy-140-x-150-cm.-Sara-Hildenin-saatio-Sara-Hildenin-taidemuseo.-Kuva-Lasse-Koivunen.jpg\" alt=\"\" class=\"wp-image-28\" srcset=\"https:\/\/2026sitedev.kimmokaivantofoundation.com\/wp-content\/uploads\/2026\/04\/Taistelevat-metsot-1974-oljy-140-x-150-cm.-Sara-Hildenin-saatio-Sara-Hildenin-taidemuseo.-Kuva-Lasse-Koivunen.jpg 786w, https:\/\/2026sitedev.kimmokaivantofoundation.com\/wp-content\/uploads\/2026\/04\/Taistelevat-metsot-1974-oljy-140-x-150-cm.-Sara-Hildenin-saatio-Sara-Hildenin-taidemuseo.-Kuva-Lasse-Koivunen-300x281.jpg 300w, https:\/\/2026sitedev.kimmokaivantofoundation.com\/wp-content\/uploads\/2026\/04\/Taistelevat-metsot-1974-oljy-140-x-150-cm.-Sara-Hildenin-saatio-Sara-Hildenin-taidemuseo.-Kuva-Lasse-Koivunen-768x719.jpg 768w\" sizes=\"auto, (max-width: 786px) 100vw, 786px\" \/><\/figure>\n\n\n\n<figure class=\"wp-block-image size-large\"><img loading=\"lazy\" decoding=\"async\" width=\"740\" height=\"736\" data-id=\"70\" src=\"https:\/\/2026sitedev.kimmokaivantofoundation.com\/wp-content\/uploads\/2026\/04\/Optimistinen-virhe-1974-oljy-162-x-162-cm.-Sara-Hildenin-saatio-Sara-Hildenin-taidemuseo.-Kuva-Lasse-Koivunen-1-1.jpg\" alt=\"\" class=\"wp-image-70\" srcset=\"https:\/\/2026sitedev.kimmokaivantofoundation.com\/wp-content\/uploads\/2026\/04\/Optimistinen-virhe-1974-oljy-162-x-162-cm.-Sara-Hildenin-saatio-Sara-Hildenin-taidemuseo.-Kuva-Lasse-Koivunen-1-1.jpg 740w, https:\/\/2026sitedev.kimmokaivantofoundation.com\/wp-content\/uploads\/2026\/04\/Optimistinen-virhe-1974-oljy-162-x-162-cm.-Sara-Hildenin-saatio-Sara-Hildenin-taidemuseo.-Kuva-Lasse-Koivunen-1-1-300x298.jpg 300w, https:\/\/2026sitedev.kimmokaivantofoundation.com\/wp-content\/uploads\/2026\/04\/Optimistinen-virhe-1974-oljy-162-x-162-cm.-Sara-Hildenin-saatio-Sara-Hildenin-taidemuseo.-Kuva-Lasse-Koivunen-1-1-150x150.jpg 150w\" sizes=\"auto, (max-width: 740px) 100vw, 740px\" \/><\/figure>\n\n\n\n<figure class=\"wp-block-image size-large\"><img loading=\"lazy\" decoding=\"async\" width=\"620\" height=\"736\" data-id=\"52\" src=\"https:\/\/2026sitedev.kimmokaivantofoundation.com\/wp-content\/uploads\/2026\/04\/Aamiainen-nurmikolla-1973-oljy-162-x-140-cm.-Sara-Hildenin-saatio-Sara-Hildenin-taidemuseo.-Kuva-Lasse-Koivunen.jpg\" alt=\"\" class=\"wp-image-52\" srcset=\"https:\/\/2026sitedev.kimmokaivantofoundation.com\/wp-content\/uploads\/2026\/04\/Aamiainen-nurmikolla-1973-oljy-162-x-140-cm.-Sara-Hildenin-saatio-Sara-Hildenin-taidemuseo.-Kuva-Lasse-Koivunen.jpg 620w, https:\/\/2026sitedev.kimmokaivantofoundation.com\/wp-content\/uploads\/2026\/04\/Aamiainen-nurmikolla-1973-oljy-162-x-140-cm.-Sara-Hildenin-saatio-Sara-Hildenin-taidemuseo.-Kuva-Lasse-Koivunen-253x300.jpg 253w\" sizes=\"auto, (max-width: 620px) 100vw, 620px\" \/><\/figure>\n\n\n\n<figure class=\"wp-block-image size-large\"><img loading=\"lazy\" decoding=\"async\" width=\"607\" height=\"736\" data-id=\"56\" src=\"https:\/\/2026sitedev.kimmokaivantofoundation.com\/wp-content\/uploads\/2026\/04\/Hiljaisuus-1973-oljy-195-x-162-cm.-Sara-Hildenin-saatio-Sara-Hildenin-taidemuseo.-Kuva-Lasse-Koivunen-.jpg\" alt=\"\" class=\"wp-image-56\" srcset=\"https:\/\/2026sitedev.kimmokaivantofoundation.com\/wp-content\/uploads\/2026\/04\/Hiljaisuus-1973-oljy-195-x-162-cm.-Sara-Hildenin-saatio-Sara-Hildenin-taidemuseo.-Kuva-Lasse-Koivunen-.jpg 607w, https:\/\/2026sitedev.kimmokaivantofoundation.com\/wp-content\/uploads\/2026\/04\/Hiljaisuus-1973-oljy-195-x-162-cm.-Sara-Hildenin-saatio-Sara-Hildenin-taidemuseo.-Kuva-Lasse-Koivunen--247x300.jpg 247w\" sizes=\"auto, (max-width: 607px) 100vw, 607px\" \/><\/figure>\n\n\n\n<figure class=\"wp-block-image size-large\"><img loading=\"lazy\" decoding=\"async\" width=\"578\" height=\"736\" data-id=\"64\" src=\"https:\/\/2026sitedev.kimmokaivantofoundation.com\/wp-content\/uploads\/2026\/04\/Kun-meri-kuolee-II-1973-oljy-195-x-162-cm.-Sara-Hildenin-saatio-Sara-Hildenin-taidemuseo.-Kuva-Lasse-Koivunen-1-1.jpg\" alt=\"\" class=\"wp-image-64\" srcset=\"https:\/\/2026sitedev.kimmokaivantofoundation.com\/wp-content\/uploads\/2026\/04\/Kun-meri-kuolee-II-1973-oljy-195-x-162-cm.-Sara-Hildenin-saatio-Sara-Hildenin-taidemuseo.-Kuva-Lasse-Koivunen-1-1.jpg 578w, https:\/\/2026sitedev.kimmokaivantofoundation.com\/wp-content\/uploads\/2026\/04\/Kun-meri-kuolee-II-1973-oljy-195-x-162-cm.-Sara-Hildenin-saatio-Sara-Hildenin-taidemuseo.-Kuva-Lasse-Koivunen-1-1-236x300.jpg 236w\" sizes=\"auto, (max-width: 578px) 100vw, 578px\" \/><\/figure>\n\n\n\n<figure class=\"wp-block-image size-large\"><img loading=\"lazy\" decoding=\"async\" width=\"748\" height=\"736\" data-id=\"65\" src=\"https:\/\/2026sitedev.kimmokaivantofoundation.com\/wp-content\/uploads\/2026\/04\/ja-tehkaa-se-itsellenne-alamaiseksi-1973-oljy-162-x-162-cm.-Sodertaljen-kaupunki-Ruotsi-Kuva-Lasse-Koivunen-.jpg\" alt=\"\" class=\"wp-image-65\" srcset=\"https:\/\/2026sitedev.kimmokaivantofoundation.com\/wp-content\/uploads\/2026\/04\/ja-tehkaa-se-itsellenne-alamaiseksi-1973-oljy-162-x-162-cm.-Sodertaljen-kaupunki-Ruotsi-Kuva-Lasse-Koivunen-.jpg 748w, https:\/\/2026sitedev.kimmokaivantofoundation.com\/wp-content\/uploads\/2026\/04\/ja-tehkaa-se-itsellenne-alamaiseksi-1973-oljy-162-x-162-cm.-Sodertaljen-kaupunki-Ruotsi-Kuva-Lasse-Koivunen--300x295.jpg 300w\" sizes=\"auto, (max-width: 748px) 100vw, 748px\" \/><\/figure>\n\n\n\n<figure class=\"wp-block-image size-large\"><img loading=\"lazy\" decoding=\"async\" width=\"777\" height=\"736\" data-id=\"57\" src=\"https:\/\/2026sitedev.kimmokaivantofoundation.com\/wp-content\/uploads\/2026\/04\/Yo-Valkoinen-voittaja-1972-oljy-140-x-162-cm.-Sara-Hildenin-saatio-Sara-Hildenin-taidemuseo.-Kuva-Lasse-Koivunen.jpg\" alt=\"\" class=\"wp-image-57\" srcset=\"https:\/\/2026sitedev.kimmokaivantofoundation.com\/wp-content\/uploads\/2026\/04\/Yo-Valkoinen-voittaja-1972-oljy-140-x-162-cm.-Sara-Hildenin-saatio-Sara-Hildenin-taidemuseo.-Kuva-Lasse-Koivunen.jpg 777w, https:\/\/2026sitedev.kimmokaivantofoundation.com\/wp-content\/uploads\/2026\/04\/Yo-Valkoinen-voittaja-1972-oljy-140-x-162-cm.-Sara-Hildenin-saatio-Sara-Hildenin-taidemuseo.-Kuva-Lasse-Koivunen-300x284.jpg 300w, https:\/\/2026sitedev.kimmokaivantofoundation.com\/wp-content\/uploads\/2026\/04\/Yo-Valkoinen-voittaja-1972-oljy-140-x-162-cm.-Sara-Hildenin-saatio-Sara-Hildenin-taidemuseo.-Kuva-Lasse-Koivunen-768x727.jpg 768w\" sizes=\"auto, (max-width: 777px) 100vw, 777px\" \/><\/figure>\n\n\n\n<figure class=\"wp-block-image size-large\"><img loading=\"lazy\" decoding=\"async\" width=\"829\" height=\"736\" data-id=\"62\" src=\"https:\/\/2026sitedev.kimmokaivantofoundation.com\/wp-content\/uploads\/2026\/04\/Aamu-1972-oljy-140-x-162-cm.-Kansallisgalleria-Ateneumin-taidemuseo.-Kuva-Kansallisgalleria-Jenni-Nurminen.jpg\" alt=\"\" class=\"wp-image-62\" srcset=\"https:\/\/2026sitedev.kimmokaivantofoundation.com\/wp-content\/uploads\/2026\/04\/Aamu-1972-oljy-140-x-162-cm.-Kansallisgalleria-Ateneumin-taidemuseo.-Kuva-Kansallisgalleria-Jenni-Nurminen.jpg 829w, https:\/\/2026sitedev.kimmokaivantofoundation.com\/wp-content\/uploads\/2026\/04\/Aamu-1972-oljy-140-x-162-cm.-Kansallisgalleria-Ateneumin-taidemuseo.-Kuva-Kansallisgalleria-Jenni-Nurminen-300x266.jpg 300w, https:\/\/2026sitedev.kimmokaivantofoundation.com\/wp-content\/uploads\/2026\/04\/Aamu-1972-oljy-140-x-162-cm.-Kansallisgalleria-Ateneumin-taidemuseo.-Kuva-Kansallisgalleria-Jenni-Nurminen-768x682.jpg 768w\" sizes=\"auto, (max-width: 829px) 100vw, 829px\" \/><figcaption class=\"wp-element-caption\">Teos: A IV 3984\t <br>Nimi\tteosnimi: Aamu<br>teosnimen k\u00e4\u00e4nn\u00f6s: The Morning<br>teosnimen k\u00e4\u00e4nn\u00f6s: Morgon\t<br>Kimmo Kaivanto, taiteilija\t<br>valmistusaika: 1972\t<br>teosmitat: 140,0 x 162,0 cm<br>Kokoelma\t<br>Tekniikka, \u00f6ljy kankaalle<br>Kansallisgalleria \/ Ateneumin taidemuseo\t<br>KG2019DK2208<br>Kuva: Kansallisgalleria \/ Jenni Nurminen<\/figcaption><\/figure>\n\n\n\n<figure class=\"wp-block-image size-large\"><img loading=\"lazy\" decoding=\"async\" width=\"577\" height=\"736\" data-id=\"48\" src=\"https:\/\/2026sitedev.kimmokaivantofoundation.com\/wp-content\/uploads\/2026\/04\/Pateettinen-peilikuva-1972-sekatekniikka-140-x-119-cm.-Sara-Hildenin-saatio-Sara-Hildenin-taidemuseo.-Kuva-Lasse-Koivunen.jpg\" alt=\"\" class=\"wp-image-48\" srcset=\"https:\/\/2026sitedev.kimmokaivantofoundation.com\/wp-content\/uploads\/2026\/04\/Pateettinen-peilikuva-1972-sekatekniikka-140-x-119-cm.-Sara-Hildenin-saatio-Sara-Hildenin-taidemuseo.-Kuva-Lasse-Koivunen.jpg 577w, https:\/\/2026sitedev.kimmokaivantofoundation.com\/wp-content\/uploads\/2026\/04\/Pateettinen-peilikuva-1972-sekatekniikka-140-x-119-cm.-Sara-Hildenin-saatio-Sara-Hildenin-taidemuseo.-Kuva-Lasse-Koivunen-235x300.jpg 235w\" sizes=\"auto, (max-width: 577px) 100vw, 577px\" \/><\/figure>\n\n\n\n<figure class=\"wp-block-image size-large\"><img loading=\"lazy\" decoding=\"async\" width=\"463\" height=\"736\" data-id=\"38\" src=\"https:\/\/2026sitedev.kimmokaivantofoundation.com\/wp-content\/uploads\/2026\/04\/Niin-se-kay-1971-oljy-324-x-195-cm.-Sara-Hildenin-saatio-Sara-Hildenin-taidemuseo.-Kuva-Jussi-Koivunen-.jpg\" alt=\"\" class=\"wp-image-38\" srcset=\"https:\/\/2026sitedev.kimmokaivantofoundation.com\/wp-content\/uploads\/2026\/04\/Niin-se-kay-1971-oljy-324-x-195-cm.-Sara-Hildenin-saatio-Sara-Hildenin-taidemuseo.-Kuva-Jussi-Koivunen-.jpg 463w, https:\/\/2026sitedev.kimmokaivantofoundation.com\/wp-content\/uploads\/2026\/04\/Niin-se-kay-1971-oljy-324-x-195-cm.-Sara-Hildenin-saatio-Sara-Hildenin-taidemuseo.-Kuva-Jussi-Koivunen--189x300.jpg 189w\" sizes=\"auto, (max-width: 463px) 100vw, 463px\" \/><\/figure>\n\n\n\n<figure class=\"wp-block-image size-large\"><img loading=\"lazy\" decoding=\"async\" width=\"613\" height=\"736\" data-id=\"44\" src=\"https:\/\/2026sitedev.kimmokaivantofoundation.com\/wp-content\/uploads\/2026\/04\/Masculin-II-1973-oljy-162-x-140-cm.-Sara-Hildenin-saatio-Sara-Hildenin-taidemuseo.-Kuva-Lasse-Koivunen-.jpg\" alt=\"\" class=\"wp-image-44\" srcset=\"https:\/\/2026sitedev.kimmokaivantofoundation.com\/wp-content\/uploads\/2026\/04\/Masculin-II-1973-oljy-162-x-140-cm.-Sara-Hildenin-saatio-Sara-Hildenin-taidemuseo.-Kuva-Lasse-Koivunen-.jpg 613w, https:\/\/2026sitedev.kimmokaivantofoundation.com\/wp-content\/uploads\/2026\/04\/Masculin-II-1973-oljy-162-x-140-cm.-Sara-Hildenin-saatio-Sara-Hildenin-taidemuseo.-Kuva-Lasse-Koivunen--250x300.jpg 250w\" sizes=\"auto, (max-width: 613px) 100vw, 613px\" \/><\/figure>\n\n\n\n<figure class=\"wp-block-image size-large\"><img loading=\"lazy\" decoding=\"async\" width=\"641\" height=\"736\" data-id=\"39\" src=\"https:\/\/2026sitedev.kimmokaivantofoundation.com\/wp-content\/uploads\/2026\/04\/Moraaliton-maisema-1970-oljy-162-x-140-cm.-Kimmo-Kaivanto-saatio.-Kuva-Jussi-Koivunen-.jpg\" alt=\"\" class=\"wp-image-39\" srcset=\"https:\/\/2026sitedev.kimmokaivantofoundation.com\/wp-content\/uploads\/2026\/04\/Moraaliton-maisema-1970-oljy-162-x-140-cm.-Kimmo-Kaivanto-saatio.-Kuva-Jussi-Koivunen-.jpg 641w, https:\/\/2026sitedev.kimmokaivantofoundation.com\/wp-content\/uploads\/2026\/04\/Moraaliton-maisema-1970-oljy-162-x-140-cm.-Kimmo-Kaivanto-saatio.-Kuva-Jussi-Koivunen--261x300.jpg 261w\" sizes=\"auto, (max-width: 641px) 100vw, 641px\" \/><\/figure>\n\n\n\n<figure class=\"wp-block-image size-large\"><img loading=\"lazy\" decoding=\"async\" width=\"824\" height=\"736\" data-id=\"68\" src=\"https:\/\/2026sitedev.kimmokaivantofoundation.com\/wp-content\/uploads\/2026\/04\/Aamiaistunti-1970-oljy-140-x-162-cm.-Kansallisgalleria-Ateneumin-taidemuseo.-Kuva-Kansallisgalleria-Jenni-Nurminen.jpg\" alt=\"\" class=\"wp-image-68\" srcset=\"https:\/\/2026sitedev.kimmokaivantofoundation.com\/wp-content\/uploads\/2026\/04\/Aamiaistunti-1970-oljy-140-x-162-cm.-Kansallisgalleria-Ateneumin-taidemuseo.-Kuva-Kansallisgalleria-Jenni-Nurminen.jpg 824w, https:\/\/2026sitedev.kimmokaivantofoundation.com\/wp-content\/uploads\/2026\/04\/Aamiaistunti-1970-oljy-140-x-162-cm.-Kansallisgalleria-Ateneumin-taidemuseo.-Kuva-Kansallisgalleria-Jenni-Nurminen-300x268.jpg 300w, https:\/\/2026sitedev.kimmokaivantofoundation.com\/wp-content\/uploads\/2026\/04\/Aamiaistunti-1970-oljy-140-x-162-cm.-Kansallisgalleria-Ateneumin-taidemuseo.-Kuva-Kansallisgalleria-Jenni-Nurminen-768x686.jpg 768w\" sizes=\"auto, (max-width: 824px) 100vw, 824px\" \/><figcaption class=\"wp-element-caption\">Teos: A IV 3931\t <br>Nimi\tteosnimi: Aamiaistunti<br>teosnimen k\u00e4\u00e4nn\u00f6s: Lunch Hour<br>teosnimen k\u00e4\u00e4nn\u00f6s: Frukosttimme\t<br>Kimmo Kaivanto, taiteilija\t<br>valmistusaika: 1970\t<br>teosmitat: 140,0 x 162,0 cm<br>Kokoelma\t<br>Tekniikka, \u00f6ljy kankaalle<br>Kansallisgalleria \/ Ateneumin taidemuseo<br>KG2019DK2202<br>Kuva: Kansallisgalleria \/ Jenni Nurminen<\/figcaption><\/figure>\n\n\n\n<figure class=\"wp-block-image size-large\"><img loading=\"lazy\" decoding=\"async\" width=\"625\" height=\"736\" data-id=\"49\" src=\"https:\/\/2026sitedev.kimmokaivantofoundation.com\/wp-content\/uploads\/2026\/04\/heodor-Mundstockin-ikkuna-1970-oljy-162-x-140-cm.-Kimmo-Kaivanto-saatio.-Kuva-Jussi-Koivunen-.jpg\" alt=\"\" class=\"wp-image-49\" srcset=\"https:\/\/2026sitedev.kimmokaivantofoundation.com\/wp-content\/uploads\/2026\/04\/heodor-Mundstockin-ikkuna-1970-oljy-162-x-140-cm.-Kimmo-Kaivanto-saatio.-Kuva-Jussi-Koivunen-.jpg 625w, https:\/\/2026sitedev.kimmokaivantofoundation.com\/wp-content\/uploads\/2026\/04\/heodor-Mundstockin-ikkuna-1970-oljy-162-x-140-cm.-Kimmo-Kaivanto-saatio.-Kuva-Jussi-Koivunen--255x300.jpg 255w\" sizes=\"auto, (max-width: 625px) 100vw, 625px\" \/><\/figure>\n\n\n\n<figure class=\"wp-block-image size-large\"><img loading=\"lazy\" decoding=\"async\" width=\"736\" height=\"736\" data-id=\"42\" src=\"https:\/\/2026sitedev.kimmokaivantofoundation.com\/wp-content\/uploads\/2026\/04\/Hamartaa-1969-oljy-240-x-240-cm.-Sara-Hildenin-saatio-Sara-Hildenin-taidemuseo.-Kuva-Lasse-Koivunen.jpg\" alt=\"\" class=\"wp-image-42\" srcset=\"https:\/\/2026sitedev.kimmokaivantofoundation.com\/wp-content\/uploads\/2026\/04\/Hamartaa-1969-oljy-240-x-240-cm.-Sara-Hildenin-saatio-Sara-Hildenin-taidemuseo.-Kuva-Lasse-Koivunen.jpg 736w, https:\/\/2026sitedev.kimmokaivantofoundation.com\/wp-content\/uploads\/2026\/04\/Hamartaa-1969-oljy-240-x-240-cm.-Sara-Hildenin-saatio-Sara-Hildenin-taidemuseo.-Kuva-Lasse-Koivunen-300x300.jpg 300w, https:\/\/2026sitedev.kimmokaivantofoundation.com\/wp-content\/uploads\/2026\/04\/Hamartaa-1969-oljy-240-x-240-cm.-Sara-Hildenin-saatio-Sara-Hildenin-taidemuseo.-Kuva-Lasse-Koivunen-150x150.jpg 150w\" sizes=\"auto, (max-width: 736px) 100vw, 736px\" \/><\/figure>\n\n\n\n<figure class=\"wp-block-image size-large\"><img loading=\"lazy\" decoding=\"async\" width=\"556\" height=\"736\" data-id=\"53\" src=\"https:\/\/2026sitedev.kimmokaivantofoundation.com\/wp-content\/uploads\/2026\/04\/Niin-mielellani-niin-mielellani-1969-kollaasi-94-x-69-cm.-Sara-Hildenin-saatio-Sara-Hildenin-taidemuseo.-Kuva-Lasse-Koivunen.jpg\" alt=\"\" class=\"wp-image-53\" srcset=\"https:\/\/2026sitedev.kimmokaivantofoundation.com\/wp-content\/uploads\/2026\/04\/Niin-mielellani-niin-mielellani-1969-kollaasi-94-x-69-cm.-Sara-Hildenin-saatio-Sara-Hildenin-taidemuseo.-Kuva-Lasse-Koivunen.jpg 556w, https:\/\/2026sitedev.kimmokaivantofoundation.com\/wp-content\/uploads\/2026\/04\/Niin-mielellani-niin-mielellani-1969-kollaasi-94-x-69-cm.-Sara-Hildenin-saatio-Sara-Hildenin-taidemuseo.-Kuva-Lasse-Koivunen-227x300.jpg 227w\" sizes=\"auto, (max-width: 556px) 100vw, 556px\" \/><\/figure>\n\n\n\n<figure class=\"wp-block-image size-large\"><img loading=\"lazy\" decoding=\"async\" width=\"644\" height=\"736\" data-id=\"61\" src=\"https:\/\/2026sitedev.kimmokaivantofoundation.com\/wp-content\/uploads\/2026\/04\/Pojanpoika-1969-oljy-162-x-140-cm.-Kimmo-Kaivanto-saatio.-Kuva-Lasse-Koivunen-Kuva-Lasse-Koivunen-.jpg\" alt=\"\" class=\"wp-image-61\" srcset=\"https:\/\/2026sitedev.kimmokaivantofoundation.com\/wp-content\/uploads\/2026\/04\/Pojanpoika-1969-oljy-162-x-140-cm.-Kimmo-Kaivanto-saatio.-Kuva-Lasse-Koivunen-Kuva-Lasse-Koivunen-.jpg 644w, https:\/\/2026sitedev.kimmokaivantofoundation.com\/wp-content\/uploads\/2026\/04\/Pojanpoika-1969-oljy-162-x-140-cm.-Kimmo-Kaivanto-saatio.-Kuva-Lasse-Koivunen-Kuva-Lasse-Koivunen--263x300.jpg 263w\" sizes=\"auto, (max-width: 644px) 100vw, 644px\" \/><\/figure>\n\n\n\n<figure class=\"wp-block-image size-large\"><img loading=\"lazy\" decoding=\"async\" width=\"730\" height=\"736\" data-id=\"67\" src=\"https:\/\/2026sitedev.kimmokaivantofoundation.com\/wp-content\/uploads\/2026\/04\/Pieni-sininen-1968-guassi-34-x-34-cm.-Sara-Hildenin-saatio-Sara-Hildenin-taidemuseo.-Kuva-Lasse-Koivunen-.jpg\" alt=\"\" class=\"wp-image-67\" srcset=\"https:\/\/2026sitedev.kimmokaivantofoundation.com\/wp-content\/uploads\/2026\/04\/Pieni-sininen-1968-guassi-34-x-34-cm.-Sara-Hildenin-saatio-Sara-Hildenin-taidemuseo.-Kuva-Lasse-Koivunen-.jpg 730w, https:\/\/2026sitedev.kimmokaivantofoundation.com\/wp-content\/uploads\/2026\/04\/Pieni-sininen-1968-guassi-34-x-34-cm.-Sara-Hildenin-saatio-Sara-Hildenin-taidemuseo.-Kuva-Lasse-Koivunen--298x300.jpg 298w, https:\/\/2026sitedev.kimmokaivantofoundation.com\/wp-content\/uploads\/2026\/04\/Pieni-sininen-1968-guassi-34-x-34-cm.-Sara-Hildenin-saatio-Sara-Hildenin-taidemuseo.-Kuva-Lasse-Koivunen--150x150.jpg 150w\" sizes=\"auto, (max-width: 730px) 100vw, 730px\" \/><\/figure>\n\n\n\n<figure class=\"wp-block-image size-large\"><img loading=\"lazy\" decoding=\"async\" width=\"712\" height=\"736\" data-id=\"43\" src=\"https:\/\/2026sitedev.kimmokaivantofoundation.com\/wp-content\/uploads\/2026\/04\/Duo-1967-oljy-120-x-116-cm.-Kansallisgalleria-Valtion-taideteostoimikunnan-kokoelma.-Kuva-Lasse-Koivunen.jpg\" alt=\"\" class=\"wp-image-43\" srcset=\"https:\/\/2026sitedev.kimmokaivantofoundation.com\/wp-content\/uploads\/2026\/04\/Duo-1967-oljy-120-x-116-cm.-Kansallisgalleria-Valtion-taideteostoimikunnan-kokoelma.-Kuva-Lasse-Koivunen.jpg 712w, https:\/\/2026sitedev.kimmokaivantofoundation.com\/wp-content\/uploads\/2026\/04\/Duo-1967-oljy-120-x-116-cm.-Kansallisgalleria-Valtion-taideteostoimikunnan-kokoelma.-Kuva-Lasse-Koivunen-290x300.jpg 290w\" sizes=\"auto, (max-width: 712px) 100vw, 712px\" \/><\/figure>\n\n\n\n<figure class=\"wp-block-image size-large\"><img loading=\"lazy\" decoding=\"async\" width=\"774\" height=\"736\" data-id=\"59\" src=\"https:\/\/2026sitedev.kimmokaivantofoundation.com\/wp-content\/uploads\/2026\/04\/Nocturne-1967-sekatekniikka-93-x-100-cm.-Sara-Hildenin-saatio-Sara-Hildenin-taidemuseo.-Kuva-Lasse-Koivunen-1-1.jpg\" alt=\"\" class=\"wp-image-59\" srcset=\"https:\/\/2026sitedev.kimmokaivantofoundation.com\/wp-content\/uploads\/2026\/04\/Nocturne-1967-sekatekniikka-93-x-100-cm.-Sara-Hildenin-saatio-Sara-Hildenin-taidemuseo.-Kuva-Lasse-Koivunen-1-1.jpg 774w, https:\/\/2026sitedev.kimmokaivantofoundation.com\/wp-content\/uploads\/2026\/04\/Nocturne-1967-sekatekniikka-93-x-100-cm.-Sara-Hildenin-saatio-Sara-Hildenin-taidemuseo.-Kuva-Lasse-Koivunen-1-1-300x285.jpg 300w, https:\/\/2026sitedev.kimmokaivantofoundation.com\/wp-content\/uploads\/2026\/04\/Nocturne-1967-sekatekniikka-93-x-100-cm.-Sara-Hildenin-saatio-Sara-Hildenin-taidemuseo.-Kuva-Lasse-Koivunen-1-1-768x730.jpg 768w\" sizes=\"auto, (max-width: 774px) 100vw, 774px\" \/><\/figure>\n\n\n\n<figure class=\"wp-block-image size-large\"><img loading=\"lazy\" decoding=\"async\" width=\"647\" height=\"736\" data-id=\"60\" src=\"https:\/\/2026sitedev.kimmokaivantofoundation.com\/wp-content\/uploads\/2026\/04\/Ultra-Mare-1966\u20131967-oljy-1205-x-107-cm.-Kansallisgalleria-Ateneumin-taidemuseo.-Kuva-Kansallisgalleria-Hannu-Pakarinen.jpg\" alt=\"\" class=\"wp-image-60\" srcset=\"https:\/\/2026sitedev.kimmokaivantofoundation.com\/wp-content\/uploads\/2026\/04\/Ultra-Mare-1966\u20131967-oljy-1205-x-107-cm.-Kansallisgalleria-Ateneumin-taidemuseo.-Kuva-Kansallisgalleria-Hannu-Pakarinen.jpg 647w, https:\/\/2026sitedev.kimmokaivantofoundation.com\/wp-content\/uploads\/2026\/04\/Ultra-Mare-1966\u20131967-oljy-1205-x-107-cm.-Kansallisgalleria-Ateneumin-taidemuseo.-Kuva-Kansallisgalleria-Hannu-Pakarinen-264x300.jpg 264w\" sizes=\"auto, (max-width: 647px) 100vw, 647px\" \/><figcaption class=\"wp-element-caption\">Teos: A IV 3757<br>KG2019DK2201<br>teosnimi: Ultra mare<br>teosnimen k\u00e4\u00e4nn\u00f6s: Ultra mare<br>teosnimen k\u00e4\u00e4nn\u00f6s: Ultra mare<br>Kimmo Kaivanto, taiteilija<br>valmistusaika: 1966 &#8211; 1967, 1966-67<br>teosmitat: 120,5 x 107,0 cm<br>taideteos<br>Materiaali, akryyli<br>Pohjamateriaali, kangas<br>Tekniikka, akryyli kankaalle, liimattu lastulevylle<br>Tekniikka<br>oik.alh.: KIMMO  \/  KAIVANTO \/  -66-67, takana liimalappu vas. ylh.: Kimmo Kaivanto, H\u00e4ll\u00e4py\u00f6r\u00e4nk. 5 Tampere 8 puh. 50336 \/ teoksen nimi: ULTRA MARE, vuosi: 1966-67, koko 120 x 107, tekotapa: \u00f6ljy ;<br><br>takana liimalappu vas. ylh.: Utst\u00e4llning av finl\u00e4ndsk konst i Lousiana h\u00f6sten 1969, F\u00f6rrrs\u00e4kringsv\u00e4rde mk 3.000:- \u00c4gare Kimmo Kaivanto ;<br>takana kesk. ylh. liimalappu: Suomen lippu. Vakuutusarvo 3.800. -kr. \/ Luettelo N:o \/ Katalognummer 6 (Ultra mare) valmistumisvuosi 1966-67 ;<br>takana kesk. ylh. liimalappu: Ateneumin Taidemuseo \/ Konstmuseet i Ateneum Kaivanto &#8220;Ultra mare&#8221;<br>takana oik. ylh. liimalappu, tussilla k\u00e4sin kirj.: Bryssel 1970 N=o 12<br>Kansallisgalleria \/ Ateneumin taidemuseo<br>Kuva: Kansallisgalleria \/ Hannu Pakarinen<\/figcaption><\/figure>\n\n\n\n<figure class=\"wp-block-image size-large\"><img loading=\"lazy\" decoding=\"async\" width=\"537\" height=\"736\" data-id=\"55\" src=\"https:\/\/2026sitedev.kimmokaivantofoundation.com\/wp-content\/uploads\/2026\/04\/Meridiaani-1966-oljy-187-x-1355-cm.-Kansallisgalleria-Ateneumin-taidemuseo.-Kuva-Kansallisgalleria-Hannu-Pakarinen.jpg\" alt=\"\" class=\"wp-image-55\" srcset=\"https:\/\/2026sitedev.kimmokaivantofoundation.com\/wp-content\/uploads\/2026\/04\/Meridiaani-1966-oljy-187-x-1355-cm.-Kansallisgalleria-Ateneumin-taidemuseo.-Kuva-Kansallisgalleria-Hannu-Pakarinen.jpg 537w, https:\/\/2026sitedev.kimmokaivantofoundation.com\/wp-content\/uploads\/2026\/04\/Meridiaani-1966-oljy-187-x-1355-cm.-Kansallisgalleria-Ateneumin-taidemuseo.-Kuva-Kansallisgalleria-Hannu-Pakarinen-219x300.jpg 219w\" sizes=\"auto, (max-width: 537px) 100vw, 537px\" \/><figcaption class=\"wp-element-caption\">Teos: A IV 3738<br>KG2019DK2200<br>teosnimi: Meridiaani<br>teosnimen k\u00e4\u00e4nn\u00f6s: Meridian<br>teosnimen k\u00e4\u00e4nn\u00f6s: Meridian<br>Kimmo Kaivanto, taiteilija<br>valmistusaika: 1966<br>teosmitat: 187,0 x 135,5 cm<br>kehys\/jalusta: 190,0 x 137,5 x 6,0 cm<br>taideteos<br>Pohjamateriaali, raakalauta<br>Materiaali, \u00f6ljy<br>Tekniikka<br>pohjamateriaali, kovalevy<br>oik.alh.: KIMMO KAIVANTO \/ -66., takana ylh. liimalappu: Taidemaalariliitto \/ Kimmo Kaivanto \/ H\u00e4ll\u00e4py\u00f6r\u00e4nk. 5016 T:re \/ Meridiani \/ 1966 ;<br>takana liimalappu: Kimmo Kaivanton n\u00e4yttely  Sara Hild\u00e9nin taidemuseossa 3.10.-28.11.1982. ;<br>takana liimalappu: Taidehalli \/ Kimmo Kaivanto \/ Meridiaani 1966\/ N\u00e4yttely 17.11.-30.12.2001<br>Kansallisgalleria \/ Ateneumin taidemuseo<br>Kuva: Kansallisgalleria \/Hannu Pakarinen<\/figcaption><\/figure>\n\n\n\n<figure class=\"wp-block-image size-large\"><img loading=\"lazy\" decoding=\"async\" width=\"500\" height=\"736\" data-id=\"50\" src=\"https:\/\/2026sitedev.kimmokaivantofoundation.com\/wp-content\/uploads\/2026\/04\/Eilisen-lasnaolo-1965-oljy-270-x-162-cm.-Hameenlinnan-Taidemuseo.-Kuva-Lasse-Koivunen-.jpg\" alt=\"\" class=\"wp-image-50\" srcset=\"https:\/\/2026sitedev.kimmokaivantofoundation.com\/wp-content\/uploads\/2026\/04\/Eilisen-lasnaolo-1965-oljy-270-x-162-cm.-Hameenlinnan-Taidemuseo.-Kuva-Lasse-Koivunen-.jpg 500w, https:\/\/2026sitedev.kimmokaivantofoundation.com\/wp-content\/uploads\/2026\/04\/Eilisen-lasnaolo-1965-oljy-270-x-162-cm.-Hameenlinnan-Taidemuseo.-Kuva-Lasse-Koivunen--204x300.jpg 204w\" sizes=\"auto, (max-width: 500px) 100vw, 500px\" \/><\/figure>\n\n\n\n<figure class=\"wp-block-image size-large\"><img loading=\"lazy\" decoding=\"async\" width=\"601\" height=\"736\" data-id=\"58\" src=\"https:\/\/2026sitedev.kimmokaivantofoundation.com\/wp-content\/uploads\/2026\/04\/Kevatvaloa-1964-oljy-144-x-144-cm.-Sara-Hildenin-saatio-Sara-Hildenin-taidemuseo.-Kuva-Lasse-Koivunen-.jpg\" alt=\"\" class=\"wp-image-58\" srcset=\"https:\/\/2026sitedev.kimmokaivantofoundation.com\/wp-content\/uploads\/2026\/04\/Kevatvaloa-1964-oljy-144-x-144-cm.-Sara-Hildenin-saatio-Sara-Hildenin-taidemuseo.-Kuva-Lasse-Koivunen-.jpg 601w, https:\/\/2026sitedev.kimmokaivantofoundation.com\/wp-content\/uploads\/2026\/04\/Kevatvaloa-1964-oljy-144-x-144-cm.-Sara-Hildenin-saatio-Sara-Hildenin-taidemuseo.-Kuva-Lasse-Koivunen--245x300.jpg 245w\" sizes=\"auto, (max-width: 601px) 100vw, 601px\" \/><\/figure>\n\n\n\n<figure class=\"wp-block-image size-large\"><img loading=\"lazy\" decoding=\"async\" width=\"596\" height=\"736\" data-id=\"66\" src=\"https:\/\/2026sitedev.kimmokaivantofoundation.com\/wp-content\/uploads\/2026\/04\/Nakoala-kaakkoon-1962-oljy-163-x-1305-cm.-Kansallisgalleria-Ateneumin-taidemuseo.-Kuva-Kansallisgalleria-Hannu-Pakarinen.jpg\" alt=\"\" class=\"wp-image-66\" srcset=\"https:\/\/2026sitedev.kimmokaivantofoundation.com\/wp-content\/uploads\/2026\/04\/Nakoala-kaakkoon-1962-oljy-163-x-1305-cm.-Kansallisgalleria-Ateneumin-taidemuseo.-Kuva-Kansallisgalleria-Hannu-Pakarinen.jpg 596w, https:\/\/2026sitedev.kimmokaivantofoundation.com\/wp-content\/uploads\/2026\/04\/Nakoala-kaakkoon-1962-oljy-163-x-1305-cm.-Kansallisgalleria-Ateneumin-taidemuseo.-Kuva-Kansallisgalleria-Hannu-Pakarinen-243x300.jpg 243w\" sizes=\"auto, (max-width: 596px) 100vw, 596px\" \/><figcaption class=\"wp-element-caption\">Teos: A IV 3512<br>teosnimi: N\u00e4k\u00f6ala kaakkoon<br>teosnimi: Vy mot sydost<br>teosnimi: View to the South-East<br>Kimmo Kaivanto, taiteilija<br>valmistusaika: 1962<br>teosmitat: 163,0 x 130,5 cm<br>taideteos<br>Pohjamateriaali, kangas<br>Materiaali, \u00f6ljy<br>Tekniikka, \u00f6ljy kankaalle<br>oik. alh.: KIMMO KAIVANTO -62, takana liimalappu: STA 3-vuotisn\u00e4yttely ja kierton\u00e4yttely. Valtion taidekilpailu 62.<br><br>Kuva: Kansallisgalleria \/  Hannu Pakarinen<\/figcaption><\/figure>\n\n\n\n<figure class=\"wp-block-image size-large\"><img loading=\"lazy\" decoding=\"async\" width=\"947\" height=\"736\" data-id=\"51\" src=\"https:\/\/2026sitedev.kimmokaivantofoundation.com\/wp-content\/uploads\/2026\/04\/Kivi-1961-guassi-24-x-31-cm.-Kimmo-Kaivanto-saatio.-Kuva-Lasse-Koivunen-.jpg\" alt=\"\" class=\"wp-image-51\" srcset=\"https:\/\/2026sitedev.kimmokaivantofoundation.com\/wp-content\/uploads\/2026\/04\/Kivi-1961-guassi-24-x-31-cm.-Kimmo-Kaivanto-saatio.-Kuva-Lasse-Koivunen-.jpg 947w, https:\/\/2026sitedev.kimmokaivantofoundation.com\/wp-content\/uploads\/2026\/04\/Kivi-1961-guassi-24-x-31-cm.-Kimmo-Kaivanto-saatio.-Kuva-Lasse-Koivunen--300x233.jpg 300w, https:\/\/2026sitedev.kimmokaivantofoundation.com\/wp-content\/uploads\/2026\/04\/Kivi-1961-guassi-24-x-31-cm.-Kimmo-Kaivanto-saatio.-Kuva-Lasse-Koivunen--768x597.jpg 768w\" sizes=\"auto, (max-width: 947px) 100vw, 947px\" \/><\/figure>\n\n\n\n<figure class=\"wp-block-image size-large\"><img loading=\"lazy\" decoding=\"async\" width=\"1024\" height=\"630\" data-id=\"63\" src=\"https:\/\/2026sitedev.kimmokaivantofoundation.com\/wp-content\/uploads\/2026\/04\/Myrskyn-merkki-1961-vesivari-28-x-47-cm.-Yksityiskokoelma.-Kuva-Lasse-Koivunen-1024x630.jpg\" alt=\"\" class=\"wp-image-63\" srcset=\"https:\/\/2026sitedev.kimmokaivantofoundation.com\/wp-content\/uploads\/2026\/04\/Myrskyn-merkki-1961-vesivari-28-x-47-cm.-Yksityiskokoelma.-Kuva-Lasse-Koivunen-1024x630.jpg 1024w, https:\/\/2026sitedev.kimmokaivantofoundation.com\/wp-content\/uploads\/2026\/04\/Myrskyn-merkki-1961-vesivari-28-x-47-cm.-Yksityiskokoelma.-Kuva-Lasse-Koivunen-300x185.jpg 300w, https:\/\/2026sitedev.kimmokaivantofoundation.com\/wp-content\/uploads\/2026\/04\/Myrskyn-merkki-1961-vesivari-28-x-47-cm.-Yksityiskokoelma.-Kuva-Lasse-Koivunen-768x473.jpg 768w, https:\/\/2026sitedev.kimmokaivantofoundation.com\/wp-content\/uploads\/2026\/04\/Myrskyn-merkki-1961-vesivari-28-x-47-cm.-Yksityiskokoelma.-Kuva-Lasse-Koivunen.jpg 1196w\" sizes=\"auto, (max-width: 1024px) 100vw, 1024px\" \/><\/figure>\n\n\n\n<figure class=\"wp-block-image size-large\"><img loading=\"lazy\" decoding=\"async\" width=\"947\" height=\"736\" data-id=\"69\" src=\"https:\/\/2026sitedev.kimmokaivantofoundation.com\/wp-content\/uploads\/2026\/04\/Aasipoika-1958-oljy-88-x-1135-cm.-Tampereen-taidemuseo.-Kuva-Lasse-Koivunen-.jpg\" alt=\"\" class=\"wp-image-69\" srcset=\"https:\/\/2026sitedev.kimmokaivantofoundation.com\/wp-content\/uploads\/2026\/04\/Aasipoika-1958-oljy-88-x-1135-cm.-Tampereen-taidemuseo.-Kuva-Lasse-Koivunen-.jpg 947w, https:\/\/2026sitedev.kimmokaivantofoundation.com\/wp-content\/uploads\/2026\/04\/Aasipoika-1958-oljy-88-x-1135-cm.-Tampereen-taidemuseo.-Kuva-Lasse-Koivunen--300x233.jpg 300w, https:\/\/2026sitedev.kimmokaivantofoundation.com\/wp-content\/uploads\/2026\/04\/Aasipoika-1958-oljy-88-x-1135-cm.-Tampereen-taidemuseo.-Kuva-Lasse-Koivunen--768x597.jpg 768w\" sizes=\"auto, (max-width: 947px) 100vw, 947px\" \/><\/figure>\n\n\n\n<figure class=\"wp-block-image size-large\"><img loading=\"lazy\" decoding=\"async\" width=\"545\" height=\"736\" data-id=\"54\" src=\"https:\/\/2026sitedev.kimmokaivantofoundation.com\/wp-content\/uploads\/2026\/04\/Sipulikirkko-1957-oljy-1265-x-885-cm.-Yksityiskokoelma.-Kuva-Lasse-Koivunen-.jpg\" alt=\"\" class=\"wp-image-54\" srcset=\"https:\/\/2026sitedev.kimmokaivantofoundation.com\/wp-content\/uploads\/2026\/04\/Sipulikirkko-1957-oljy-1265-x-885-cm.-Yksityiskokoelma.-Kuva-Lasse-Koivunen-.jpg 545w, https:\/\/2026sitedev.kimmokaivantofoundation.com\/wp-content\/uploads\/2026\/04\/Sipulikirkko-1957-oljy-1265-x-885-cm.-Yksityiskokoelma.-Kuva-Lasse-Koivunen--222x300.jpg 222w\" sizes=\"auto, (max-width: 545px) 100vw, 545px\" \/><\/figure>\n<\/figure>\n<\/div>\n<\/div>\n","protected":false},"excerpt":{"rendered":"","protected":false},"author":1,"featured_media":0,"parent":0,"menu_order":0,"comment_status":"closed","ping_status":"closed","template":"","meta":{"footnotes":""},"class_list":["post-25","page","type-page","status-publish","hentry"],"_links":{"self":[{"href":"https:\/\/2026sitedev.kimmokaivantofoundation.com\/index.php?rest_route=\/wp\/v2\/pages\/25","targetHints":{"allow":["GET"]}}],"collection":[{"href":"https:\/\/2026sitedev.kimmokaivantofoundation.com\/index.php?rest_route=\/wp\/v2\/pages"}],"about":[{"href":"https:\/\/2026sitedev.kimmokaivantofoundation.com\/index.php?rest_route=\/wp\/v2\/types\/page"}],"author":[{"embeddable":true,"href":"https:\/\/2026sitedev.kimmokaivantofoundation.com\/index.php?rest_route=\/wp\/v2\/users\/1"}],"replies":[{"embeddable":true,"href":"https:\/\/2026sitedev.kimmokaivantofoundation.com\/index.php?rest_route=%2Fwp%2Fv2%2Fcomments&post=25"}],"version-history":[{"count":1,"href":"https:\/\/2026sitedev.kimmokaivantofoundation.com\/index.php?rest_route=\/wp\/v2\/pages\/25\/revisions"}],"predecessor-version":[{"id":72,"href":"https:\/\/2026sitedev.kimmokaivantofoundation.com\/index.php?rest_route=\/wp\/v2\/pages\/25\/revisions\/72"}],"wp:attachment":[{"href":"https:\/\/2026sitedev.kimmokaivantofoundation.com\/index.php?rest_route=%2Fwp%2Fv2%2Fmedia&parent=25"}],"curies":[{"name":"wp","href":"https:\/\/api.w.org\/{rel}","templated":true}]}}